{"id":5208,"date":"2023-07-29T08:30:12","date_gmt":"2023-07-29T06:30:12","guid":{"rendered":"https:\/\/www.sanrafaelarnaiz.es\/biografia\/"},"modified":"2023-08-17T13:32:34","modified_gmt":"2023-08-17T11:32:34","slug":"biografia","status":"publish","type":"page","link":"https:\/\/www.sanrafaelarnaiz.es\/it\/biografia\/","title":{"rendered":"Profilo Biografico"},"content":{"rendered":"<p>[et_pb_section fb_built=&#8221;1&#8243; fullwidth=&#8221;on&#8221; admin_label=&#8221;Header&#8221; _builder_version=&#8221;4.21.0&#8243; background_image=&#8221;https:\/\/www.sanrafaelarnaiz.es\/wp-content\/uploads\/2023\/07\/INICIO-FOTO.jpg&#8221; background_position=&#8221;top_left&#8221; background_horizontal_offset=&#8221;0%&#8221; background_vertical_offset=&#8221;13%&#8221; custom_margin=&#8221;||-11px|||&#8221; global_colors_info=&#8221;{}&#8221;][et_pb_fullwidth_header title=&#8221;Dati biografici&#8221; text_orientation=&#8221;center&#8221; _builder_version=&#8221;4.21.0&#8243; title_font=&#8221;Didact Gothic|700|||||||&#8221; title_text_align=&#8221;left&#8221; title_font_size=&#8221;60px&#8221; title_line_height=&#8221;1.3em&#8221; content_font=&#8221;||||||||&#8221; content_text_align=&#8221;center&#8221; content_text_color=&#8221;#ffffff&#8221; content_font_size=&#8221;20px&#8221; content_line_height=&#8221;2em&#8221; subhead_font=&#8221;Didact Gothic||||||||&#8221; subhead_font_size=&#8221;38px&#8221; subhead_line_height=&#8221;1.8em&#8221; background_color=&#8221;rgba(0,0,0,0)&#8221; use_background_color_gradient=&#8221;on&#8221; background_color_gradient_type=&#8221;circular&#8221; background_color_gradient_stops=&#8221;rgba(255,159,91,0.14) 0%|rgba(163,120,84,0.66) 70%&#8221; background_color_gradient_start=&#8221;rgba(102,133,221,0.37)&#8221; background_color_gradient_end=&#8221;rgba(31,31,71,0.81)&#8221; background_color_gradient_end_position=&#8221;53%&#8221; custom_button_one=&#8221;on&#8221; button_one_text_size=&#8221;16px&#8221; button_one_text_color=&#8221;#FFFFFF&#8221; button_one_bg_color=&#8221;#6d5861&#8243; button_one_border_width=&#8221;8px&#8221; button_one_border_color=&#8221;rgba(0,0,0,0)&#8221; button_one_border_radius=&#8221;0px&#8221; button_one_letter_spacing=&#8221;3px&#8221; button_one_font=&#8221;Didact Gothic|700||on|||||&#8221; button_one_use_icon=&#8221;off&#8221; custom_button_two=&#8221;on&#8221; button_two_text_size=&#8221;16px&#8221; button_two_text_color=&#8221;#34587c&#8221; button_two_bg_color=&#8221;#ffffff&#8221; button_two_border_width=&#8221;8px&#8221; button_two_border_color=&#8221;rgba(0,0,0,0)&#8221; button_two_border_radius=&#8221;0px&#8221; button_two_letter_spacing=&#8221;3px&#8221; button_two_font=&#8221;Didact Gothic|700||on|||||&#8221; button_two_icon=&#8221;&#x49;||divi||400&#8243; button_two_icon_placement=&#8221;left&#8221; button_two_on_hover=&#8221;off&#8221; horizontal_offset_tablet=&#8221;&#8221; horizontal_offset_phone=&#8221;&#8221; horizontal_offset_last_edited=&#8221;on|desktop&#8221; custom_margin=&#8221;|||-300px|false|false&#8221; custom_margin_tablet=&#8221;|||0px|false|false&#8221; custom_margin_phone=&#8221;|||0px|false|false&#8221; custom_margin_last_edited=&#8221;on|desktop&#8221; custom_padding=&#8221;4vw||4vw||true|&#8221; custom_padding_tablet=&#8221;13vw||4vw||false|&#8221; custom_padding_phone=&#8221;13vw||40px||false|&#8221; custom_padding_last_edited=&#8221;on|phone&#8221; animation_style=&#8221;fade&#8221; animation_starting_opacity=&#8221;45%&#8221; title_text_align_tablet=&#8221;center&#8221; title_text_align_phone=&#8221;center&#8221; title_text_align_last_edited=&#8221;on|phone&#8221; title_font_size_tablet=&#8221;52px&#8221; title_font_size_phone=&#8221;50px&#8221; title_font_size_last_edited=&#8221;on|desktop&#8221; subhead_font_size_tablet=&#8221;&#8221; subhead_font_size_phone=&#8221;18px&#8221; subhead_font_size_last_edited=&#8221;on|phone&#8221; global_colors_info=&#8221;{}&#8221;][\/et_pb_fullwidth_header][\/et_pb_section][et_pb_section fb_built=&#8221;1&#8243; admin_label=&#8221;Quote&#8221; _builder_version=&#8221;4.21.0&#8243; background_enable_color=&#8221;off&#8221; background_enable_image=&#8221;off&#8221; background_blend=&#8221;multiply&#8221; max_width=&#8221;90%&#8221; module_alignment=&#8221;center&#8221; custom_margin=&#8221;-29px||2.4%|||&#8221; custom_padding=&#8221;25px|0px|25px|0px|true|false&#8221; animation_style=&#8221;slide&#8221; animation_direction=&#8221;bottom&#8221; animation_intensity_slide=&#8221;2%&#8221; box_shadow_style=&#8221;preset1&#8243; box_shadow_vertical=&#8221;-10px&#8221; box_shadow_blur=&#8221;60px&#8221; global_colors_info=&#8221;{}&#8221;][et_pb_row column_structure=&#8221;2_5,3_5&#8243; use_custom_gutter=&#8221;on&#8221; _builder_version=&#8221;4.21.0&#8243; global_colors_info=&#8221;{}&#8221;][et_pb_column type=&#8221;2_5&#8243; _builder_version=&#8221;4.16&#8243; custom_padding=&#8221;|||&#8221; global_colors_info=&#8221;{}&#8221; custom_padding__hover=&#8221;|||&#8221;][et_pb_image src=&#8221;https:\/\/www.sanrafaelarnaiz.es\/wp-content\/uploads\/2023\/07\/2.jpg&#8221; title_text=&#8221;2&#8243; align=&#8221;center&#8221; _builder_version=&#8221;4.21.2&#8243; _module_preset=&#8221;default&#8221; width=&#8221;50%&#8221; width_tablet=&#8221;50%&#8221; width_phone=&#8221;49%&#8221; width_last_edited=&#8221;on|phone&#8221; global_colors_info=&#8221;{}&#8221;][\/et_pb_image][\/et_pb_column][et_pb_column type=&#8221;3_5&#8243; _builder_version=&#8221;4.16&#8243; custom_padding=&#8221;|||&#8221; global_colors_info=&#8221;{}&#8221; custom_padding__hover=&#8221;|||&#8221;][et_pb_text _builder_version=&#8221;4.21.2&#8243; text_font=&#8221;Didact Gothic||on||||||&#8221; text_text_color=&#8221;#777777&#8243; text_font_size=&#8221;20px&#8221; text_line_height=&#8221;1.6em&#8221; header_font=&#8221;||||||||&#8221; header_5_font=&#8221;||||||||&#8221; header_6_font=&#8221;Didact Gothic||||||||&#8221; header_6_text_color=&#8221;rgba(255,255,255,0.6)&#8221; header_6_font_size=&#8221;20px&#8221; header_6_line_height=&#8221;2em&#8221; background_layout=&#8221;dark&#8221; text_font_size_tablet=&#8221;18px&#8221; text_font_size_phone=&#8221;&#8221; text_font_size_last_edited=&#8221;on|desktop&#8221; global_colors_info=&#8221;{}&#8221; header_5_font_size__hover=&#8221;16px&#8221; header_5_font_size__hover_enabled=&#8221;16px&#8221; header_5_letter_spacing__hover=&#8221;0px&#8221; header_5_letter_spacing__hover_enabled=&#8221;0px&#8221; header_5_line_height__hover=&#8221;1em&#8221; header_5_line_height__hover_enabled=&#8221;1em&#8221; header_5_text_shadow_style__hover=&#8221;none&#8221; header_5_text_shadow_style__hover_enabled=&#8221;none&#8221; header_5_text_shadow_color__hover=&#8221;rgba(0,0,0,0.4)&#8221; header_5_text_shadow_color__hover_enabled=&#8221;rgba(0,0,0,0.4)&#8221;]&#8221;Vedi&#8230;, \u00e8 un umile laico che ha scelto la via della verit\u00e0,<br \/>\n&#8220;viam veritatis elegi&#8221;<br \/>\nNella notte oscura del mondo, solo la Croce di Cristo illumina il cammino della vita&#8230;<br \/>\nC&#8217;\u00e8 solo quella verit\u00e0 che d\u00e0 pace all&#8217;attesa,<br \/>\nincoraggiamento a continuare  e la fiducia di non sbagliare.<br \/>\nCristo e la sua Croce \u00e8 la Verit\u00e0, \u00e8 la Via ed \u00e8 la Vita.<br \/>\nLo ha detto e le sue parole si compiono nella pace serena di quel pulcinella di mare che percorre la via della Verit\u00e0 alla ricerca di Cristo.&#8221;<\/p>\n<p>&#8211; San Rafael Arnaiz[\/et_pb_text][\/et_pb_column][\/et_pb_row][\/et_pb_section][et_pb_section fb_built=&#8221;1&#8243; admin_label=&#8221;Mission&#8221; _builder_version=&#8221;4.21.0&#8243; background_enable_image=&#8221;off&#8221; background_size=&#8221;initial&#8221; background_position=&#8221;top_center&#8221; custom_padding=&#8221;2px|||||&#8221; custom_width_px__hover=&#8221;1080px&#8221; custom_width_px__hover_enabled=&#8221;1080px&#8221; custom_width_percent__hover=&#8221;80%&#8221; custom_width_percent__hover_enabled=&#8221;80%&#8221; global_colors_info=&#8221;{}&#8221; gutter_width__hover=&#8221;3&#8243; gutter_width__hover_enabled=&#8221;3&#8243; parallax_1__hover=&#8221;off&#8221; parallax_1__hover_enabled=&#8221;off&#8221; parallax_2__hover=&#8221;off&#8221; parallax_2__hover_enabled=&#8221;off&#8221; parallax_3__hover=&#8221;off&#8221; parallax_3__hover_enabled=&#8221;off&#8221; parallax_method_1__hover=&#8221;on&#8221; parallax_method_1__hover_enabled=&#8221;on&#8221; parallax_method_2__hover=&#8221;on&#8221; parallax_method_2__hover_enabled=&#8221;on&#8221; parallax_method_3__hover=&#8221;on&#8221; parallax_method_3__hover_enabled=&#8221;on&#8221; use_background_color_gradient__hover=&#8221;off&#8221; use_background_color_gradient__hover_enabled=&#8221;off&#8221; background_color_gradient_start__hover=&#8221;#2b87da&#8221; background_color_gradient_start__hover_enabled=&#8221;#2b87da&#8221; background_color_gradient_end__hover=&#8221;#29c4a9&#8243; background_color_gradient_end__hover_enabled=&#8221;#29c4a9&#8243; background_color_gradient_type__hover=&#8221;linear&#8221; background_color_gradient_type__hover_enabled=&#8221;linear&#8221; background_color_gradient_direction__hover=&#8221;180deg&#8221; background_color_gradient_direction__hover_enabled=&#8221;180deg&#8221; background_color_gradient_direction_radial__hover=&#8221;center&#8221; background_color_gradient_direction_radial__hover_enabled=&#8221;center&#8221; background_color_gradient_start_position__hover=&#8221;0%&#8221; background_color_gradient_start_position__hover_enabled=&#8221;0%&#8221; background_color_gradient_end_position__hover=&#8221;100%&#8221; background_color_gradient_end_position__hover_enabled=&#8221;100%&#8221; background_color_gradient_overlays_image__hover=&#8221;off&#8221; background_color_gradient_overlays_image__hover_enabled=&#8221;off&#8221; parallax__hover=&#8221;off&#8221; parallax__hover_enabled=&#8221;off&#8221; parallax_method__hover=&#8221;on&#8221; parallax_method__hover_enabled=&#8221;on&#8221; background_size__hover=&#8221;cover&#8221; background_size__hover_enabled=&#8221;cover&#8221; background_position__hover=&#8221;center&#8221; background_position__hover_enabled=&#8221;center&#8221; background_repeat__hover=&#8221;no-repeat&#8221; background_repeat__hover_enabled=&#8221;no-repeat&#8221; background_blend__hover=&#8221;normal&#8221; background_blend__hover_enabled=&#8221;normal&#8221; allow_player_pause__hover=&#8221;off&#8221; allow_player_pause__hover_enabled=&#8221;off&#8221; background_video_pause_outside_viewport__hover=&#8221;on&#8221; background_video_pause_outside_viewport__hover_enabled=&#8221;on&#8221; inner_shadow__hover=&#8221;off&#8221; inner_shadow__hover_enabled=&#8221;off&#8221; make_fullwidth__hover=&#8221;off&#8221; make_fullwidth__hover_enabled=&#8221;off&#8221; use_custom_width__hover=&#8221;off&#8221; use_custom_width__hover_enabled=&#8221;off&#8221; width_unit__hover=&#8221;on&#8221; width_unit__hover_enabled=&#8221;on&#8221; make_equal__hover=&#8221;off&#8221; make_equal__hover_enabled=&#8221;off&#8221; use_custom_gutter__hover=&#8221;off&#8221; use_custom_gutter__hover_enabled=&#8221;off&#8221; border_radii__hover=&#8221;on||||&#8221; border_radii__hover_enabled=&#8221;on||||&#8221; box_shadow_style__hover=&#8221;none&#8221; box_shadow_style__hover_enabled=&#8221;none&#8221; box_shadow_color__hover=&#8221;rgba(0,0,0,0.3)&#8221; box_shadow_color__hover_enabled=&#8221;rgba(0,0,0,0.3)&#8221; max_width__hover=&#8221;100%&#8221; max_width__hover_enabled=&#8221;100%&#8221; filter_hue_rotate__hover=&#8221;0deg&#8221; filter_hue_rotate__hover_enabled=&#8221;0deg&#8221; filter_saturate__hover=&#8221;100%&#8221; filter_saturate__hover_enabled=&#8221;100%&#8221; filter_brightness__hover=&#8221;100%&#8221; filter_brightness__hover_enabled=&#8221;100%&#8221; filter_contrast__hover=&#8221;100%&#8221; filter_contrast__hover_enabled=&#8221;100%&#8221; filter_invert__hover=&#8221;0%&#8221; filter_invert__hover_enabled=&#8221;0%&#8221; filter_sepia__hover=&#8221;0%&#8221; filter_sepia__hover_enabled=&#8221;0%&#8221; filter_opacity__hover=&#8221;100%&#8221; filter_opacity__hover_enabled=&#8221;100%&#8221; filter_blur__hover=&#8221;0px&#8221; filter_blur__hover_enabled=&#8221;0px&#8221; mix_blend_mode__hover=&#8221;normal&#8221; mix_blend_mode__hover_enabled=&#8221;normal&#8221; animation_style__hover=&#8221;none&#8221; animation_style__hover_enabled=&#8221;none&#8221; animation_repeat__hover=&#8221;once&#8221; animation_repeat__hover_enabled=&#8221;once&#8221; animation_direction__hover=&#8221;center&#8221; animation_direction__hover_enabled=&#8221;center&#8221; animation_duration__hover=&#8221;1000ms&#8221; animation_duration__hover_enabled=&#8221;1000ms&#8221; animation_delay__hover=&#8221;0ms&#8221; animation_delay__hover_enabled=&#8221;0ms&#8221; animation_intensity_slide__hover=&#8221;50%&#8221; animation_intensity_slide__hover_enabled=&#8221;50%&#8221; animation_intensity_zoom__hover=&#8221;50%&#8221; animation_intensity_zoom__hover_enabled=&#8221;50%&#8221; animation_intensity_flip__hover=&#8221;50%&#8221; animation_intensity_flip__hover_enabled=&#8221;50%&#8221; animation_intensity_fold__hover=&#8221;50%&#8221; animation_intensity_fold__hover_enabled=&#8221;50%&#8221; animation_intensity_roll__hover=&#8221;50%&#8221; animation_intensity_roll__hover_enabled=&#8221;50%&#8221; animation_starting_opacity__hover=&#8221;0%&#8221; animation_starting_opacity__hover_enabled=&#8221;0%&#8221; animation_speed_curve__hover=&#8221;ease-in-out&#8221; animation_speed_curve__hover_enabled=&#8221;ease-in-out&#8221; hover_transition_duration__hover=&#8221;300ms&#8221; hover_transition_duration__hover_enabled=&#8221;300ms&#8221; hover_transition_delay__hover=&#8221;0ms&#8221; hover_transition_delay__hover_enabled=&#8221;0ms&#8221; hover_transition_speed_curve__hover=&#8221;ease&#8221; hover_transition_speed_curve__hover_enabled=&#8221;ease&#8221; background_color_gradient_stops__hover=&#8221;#2b87da 0%|#29c4a9 100%&#8221;][et_pb_row _builder_version=&#8221;4.21.0&#8243; global_colors_info=&#8221;{}&#8221;][et_pb_column type=&#8221;4_4&#8243; _builder_version=&#8221;4.16&#8243; custom_padding=&#8221;|||&#8221; global_colors_info=&#8221;{}&#8221; custom_padding__hover=&#8221;|||&#8221;][et_pb_text _builder_version=&#8221;4.22.0&#8243; text_font=&#8221;||||||||&#8221; text_line_height=&#8221;2em&#8221; header_2_font=&#8221;Didact Gothic|||on|||||&#8221; header_2_text_color=&#8221;rgba(0,0,0,0.7)&#8221; header_2_font_size=&#8221;12px&#8221; header_2_letter_spacing=&#8221;0.5em&#8221; header_2_line_height=&#8221;2em&#8221; header_3_font=&#8221;Didact Gothic||||||||&#8221; header_3_text_color=&#8221;#000000&#8243; header_3_font_size=&#8221;36px&#8221; header_3_line_height=&#8221;1.5em&#8221; text_orientation=&#8221;right&#8221; max_width=&#8221;800px&#8221; module_alignment=&#8221;center&#8221; custom_padding=&#8221;|||4px||&#8221; hover_enabled=&#8221;0&#8243; header_3_font_size_tablet=&#8221;&#8221; header_3_font_size_phone=&#8221;20px&#8221; header_3_font_size_last_edited=&#8221;on|phone&#8221; locked=&#8221;off&#8221; global_colors_info=&#8221;{}&#8221; text_font_size__hover=&#8221;14px&#8221; text_font_size__hover_enabled=&#8221;14px&#8221; text_letter_spacing__hover=&#8221;0px&#8221; text_letter_spacing__hover_enabled=&#8221;0px&#8221; text_line_height__hover=&#8221;1.7em&#8221; text_line_height__hover_enabled=&#8221;1.7em&#8221; text_text_shadow_style__hover=&#8221;none&#8221; text_text_shadow_style__hover_enabled=&#8221;none&#8221; text_text_shadow_color__hover=&#8221;rgba(0,0,0,0.4)&#8221; text_text_shadow_color__hover_enabled=&#8221;rgba(0,0,0,0.4)&#8221; link_font_size__hover=&#8221;14px&#8221; link_font_size__hover_enabled=&#8221;14px&#8221; link_letter_spacing__hover=&#8221;0px&#8221; link_letter_spacing__hover_enabled=&#8221;0px&#8221; link_line_height__hover=&#8221;1em&#8221; link_line_height__hover_enabled=&#8221;1em&#8221; link_text_shadow_style__hover=&#8221;none&#8221; link_text_shadow_style__hover_enabled=&#8221;none&#8221; link_text_shadow_color__hover=&#8221;rgba(0,0,0,0.4)&#8221; link_text_shadow_color__hover_enabled=&#8221;rgba(0,0,0,0.4)&#8221; ul_font_size__hover=&#8221;14px&#8221; ul_font_size__hover_enabled=&#8221;14px&#8221; ul_letter_spacing__hover=&#8221;0px&#8221; ul_letter_spacing__hover_enabled=&#8221;0px&#8221; ul_line_height__hover=&#8221;1em&#8221; ul_line_height__hover_enabled=&#8221;1em&#8221; ul_text_shadow_style__hover=&#8221;none&#8221; ul_text_shadow_style__hover_enabled=&#8221;none&#8221; ul_text_shadow_color__hover=&#8221;rgba(0,0,0,0.4)&#8221; ul_text_shadow_color__hover_enabled=&#8221;rgba(0,0,0,0.4)&#8221; ol_font_size__hover=&#8221;14px&#8221; ol_font_size__hover_enabled=&#8221;14px&#8221; ol_letter_spacing__hover=&#8221;0px&#8221; ol_letter_spacing__hover_enabled=&#8221;0px&#8221; ol_line_height__hover=&#8221;1em&#8221; ol_line_height__hover_enabled=&#8221;1em&#8221; ol_text_shadow_style__hover=&#8221;none&#8221; ol_text_shadow_style__hover_enabled=&#8221;none&#8221; ol_text_shadow_color__hover=&#8221;rgba(0,0,0,0.4)&#8221; ol_text_shadow_color__hover_enabled=&#8221;rgba(0,0,0,0.4)&#8221; quote_font_size__hover=&#8221;14px&#8221; quote_font_size__hover_enabled=&#8221;14px&#8221; quote_letter_spacing__hover=&#8221;0px&#8221; quote_letter_spacing__hover_enabled=&#8221;0px&#8221; quote_line_height__hover=&#8221;1em&#8221; quote_line_height__hover_enabled=&#8221;1em&#8221; quote_text_shadow_style__hover=&#8221;none&#8221; quote_text_shadow_style__hover_enabled=&#8221;none&#8221; quote_text_shadow_color__hover=&#8221;rgba(0,0,0,0.4)&#8221; quote_text_shadow_color__hover_enabled=&#8221;rgba(0,0,0,0.4)&#8221; text_orientation__hover=&#8221;left&#8221; text_orientation__hover_enabled=&#8221;left&#8221; background_layout__hover=&#8221;light&#8221; background_layout__hover_enabled=&#8221;light&#8221; use_background_color_gradient__hover=&#8221;off&#8221; use_background_color_gradient__hover_enabled=&#8221;off&#8221; background_color_gradient_start__hover=&#8221;#2b87da&#8221; background_color_gradient_start__hover_enabled=&#8221;#2b87da&#8221; background_color_gradient_end__hover=&#8221;#29c4a9&#8243; background_color_gradient_end__hover_enabled=&#8221;#29c4a9&#8243; background_color_gradient_type__hover=&#8221;linear&#8221; background_color_gradient_type__hover_enabled=&#8221;linear&#8221; background_color_gradient_direction__hover=&#8221;180deg&#8221; background_color_gradient_direction__hover_enabled=&#8221;180deg&#8221; background_color_gradient_direction_radial__hover=&#8221;center&#8221; background_color_gradient_direction_radial__hover_enabled=&#8221;center&#8221; background_color_gradient_start_position__hover=&#8221;0%&#8221; background_color_gradient_start_position__hover_enabled=&#8221;0%&#8221; background_color_gradient_end_position__hover=&#8221;100%&#8221; background_color_gradient_end_position__hover_enabled=&#8221;100%&#8221; background_color_gradient_overlays_image__hover=&#8221;off&#8221; background_color_gradient_overlays_image__hover_enabled=&#8221;off&#8221; parallax__hover=&#8221;off&#8221; parallax__hover_enabled=&#8221;off&#8221; parallax_method__hover=&#8221;on&#8221; parallax_method__hover_enabled=&#8221;on&#8221; background_size__hover=&#8221;cover&#8221; background_size__hover_enabled=&#8221;cover&#8221; background_position__hover=&#8221;center&#8221; background_position__hover_enabled=&#8221;center&#8221; background_repeat__hover=&#8221;no-repeat&#8221; background_repeat__hover_enabled=&#8221;no-repeat&#8221; background_blend__hover=&#8221;normal&#8221; background_blend__hover_enabled=&#8221;normal&#8221; allow_player_pause__hover=&#8221;off&#8221; allow_player_pause__hover_enabled=&#8221;off&#8221; background_video_pause_outside_viewport__hover=&#8221;on&#8221; background_video_pause_outside_viewport__hover_enabled=&#8221;on&#8221; header_font_size__hover=&#8221;30px&#8221; header_font_size__hover_enabled=&#8221;30px&#8221; header_letter_spacing__hover=&#8221;0px&#8221; header_letter_spacing__hover_enabled=&#8221;0px&#8221; header_text_shadow_style__hover=&#8221;none&#8221; header_text_shadow_style__hover_enabled=&#8221;none&#8221; header_text_shadow_color__hover=&#8221;rgba(0,0,0,0.4)&#8221; header_text_shadow_color__hover_enabled=&#8221;rgba(0,0,0,0.4)&#8221; header_4_font_size__hover=&#8221;18px&#8221; header_4_font_size__hover_enabled=&#8221;18px&#8221; header_4_letter_spacing__hover=&#8221;0px&#8221; header_4_letter_spacing__hover_enabled=&#8221;0px&#8221; header_4_line_height__hover=&#8221;1em&#8221; header_4_line_height__hover_enabled=&#8221;1em&#8221; header_4_text_shadow_style__hover=&#8221;none&#8221; header_4_text_shadow_style__hover_enabled=&#8221;none&#8221; header_4_text_shadow_color__hover=&#8221;rgba(0,0,0,0.4)&#8221; header_4_text_shadow_color__hover_enabled=&#8221;rgba(0,0,0,0.4)&#8221; header_6_font_size__hover=&#8221;14px&#8221; header_6_font_size__hover_enabled=&#8221;14px&#8221; header_6_letter_spacing__hover=&#8221;0px&#8221; header_6_letter_spacing__hover_enabled=&#8221;0px&#8221; header_6_line_height__hover=&#8221;1em&#8221; header_6_line_height__hover_enabled=&#8221;1em&#8221; header_6_text_shadow_style__hover=&#8221;none&#8221; header_6_text_shadow_style__hover_enabled=&#8221;none&#8221; header_6_text_shadow_color__hover=&#8221;rgba(0,0,0,0.4)&#8221; header_6_text_shadow_color__hover_enabled=&#8221;rgba(0,0,0,0.4)&#8221; header_5_font_size__hover=&#8221;16px&#8221; header_5_font_size__hover_enabled=&#8221;16px&#8221; header_5_letter_spacing__hover=&#8221;0px&#8221; header_5_letter_spacing__hover_enabled=&#8221;0px&#8221; header_5_line_height__hover=&#8221;1em&#8221; header_5_line_height__hover_enabled=&#8221;1em&#8221; header_5_text_shadow_style__hover=&#8221;none&#8221; header_5_text_shadow_style__hover_enabled=&#8221;none&#8221; header_5_text_shadow_color__hover=&#8221;rgba(0,0,0,0.4)&#8221; header_5_text_shadow_color__hover_enabled=&#8221;rgba(0,0,0,0.4)&#8221; background_color_gradient_stops__hover=&#8221;#2b87da 0%|#29c4a9 100%&#8221; sticky_enabled=&#8221;0&#8243;]<\/p>\n<h3 style=\"text-align: left;\"><strong>Dati biografici<\/strong><\/h3>\n<div id=\"attachment_643\" style=\"width: 235px;\" class=\"wp-caption alignright\">\n<p><img decoding=\"async\" loading=\"lazy\" aria-describedby=\"caption-attachment-643\" class=\"size-full wp-image-643\" src=\"http:\/\/www.abadiasanisidro.es\/wp-content\/uploads\/2017\/04\/rafael6g.jpg\" alt=\"Rafael de ni\u00f1o\" width=\"225\" height=\"225\" \/><\/p>\n<p id=\"caption-attachment-643\" class=\"wp-caption-text\">Rafael bambino<\/p>\n<\/div>\n<p style=\"text-align: left;\"><strong>Rafael Arnaiz Bar\u00f3n<\/strong> nacque il 9 aprile 1911 a Burgos (Spagna) dove ricevette il Battesimo e la Cresima e, l&#8217;anno 1919, fece la Prima Comunione, qui cominci\u00f3 puer i suoi studi nel collegio dei Padri Gesuiti.<br \/>\nDotato di una precoce intelligenza, fin dalla sua prima infanzia mostra una grande inclinazione verso le cose di Dio. Fu presto visitato per la prima volta dalla malattia che in seguito avrebbe segnato il suo destino e che lo costrinse a interrompere i suoi studi. Quando si riprese, in ringraziamento per la guarigione, suo padre, che la attribu\u00ec ad un intervento speciale della Beata Vergine, verso la fine dell&#8217;estate del 1922 lo port\u00f2 a Saragozza e lo consacr\u00f2 alla Madonna del Pilar. Questo evento ha lasciato un segno profondo nell&#8217;anima di Rafael.<\/p>\n<p style=\"text-align: left;\">La famiglia si trasfer\u00ec a Oviedo. L\u00ec Rafael continu\u00f2 la scuola media, passando poi a frequentare la Scuola Superiore di Architettura a Madrid.<br \/>\nAccompagnavano la brillante intelligenza di Rafael ottime qualit\u00e0 per l&#8217;amicizia e, crescendo in et\u00e0, sviluppava la sua personalit\u00e0 e cresceva pure nella sua esperienza di vita cristiana.<\/p>\n<div id=\"attachment_642\" style=\"width: 235px;\" class=\"wp-caption alignleft\">\n<p><img decoding=\"async\" loading=\"lazy\" class=\"alignright\" src=\"http:\/\/www.abadiasanisidro.es\/wp-content\/uploads\/2017\/04\/rafaelp.jpg\" alt=\"Hermano Rafael Arn\u00e1iz Bar\u00f3n\" width=\"225\" height=\"225\" \/><\/p>\n<p id=\"caption-attachment-642\" class=\"wp-caption-text\">Fratel Rafael Arn\u00e1iz Bar\u00f3n<\/p>\n<\/div>\n<p style=\"text-align: left;\">Nel suo cuore ben disposto, Dio volle far sorgere l&#8217;invito ad una consacrazione speciale nella vita monastica. Avendo preso contatto con il Monastero Cistercense di San Isidro di Due\u00f1as -la sua Trappa- si sent\u00ed attratto fortemente per quanto qui aveva incontrato e che corrispondeva alle sue intime aspirazione, e fece l\u00e0 su entrata il 16 gennaio 1934.<br \/>\nNei suoi misteriosi designi, Dio volle metterlo alla prova con una penosa malatia -il diabete saccarino- che lo obblig\u00f3 per ben tre volte ad abbandonare il monastero, dove altrettante volte fece ritorno con un gesto de generosa, fedele e veramente eroica risposta alla chiamata di Dio.<br \/>\nSi \u00e8 santificato nella generosa fedelt\u00e0 alla vita monastica e nell&#8217;accettazione amorosa dei piani di Dio. Si estinse all&#8217;alba del 26 aprile 1938, avendo appena compiuto 27 anni di et\u00e1, e fu sepolto nel cimetero de monasterio.<\/p>\n<div id=\"attachment_644\" style=\"width: 254px;\" class=\"wp-caption alignright\">\n<p><img decoding=\"async\" loading=\"lazy\" class=\"size-full wp-image-644\" src=\"http:\/\/www.abadiasanisidro.es\/wp-content\/uploads\/2017\/04\/rafael7.jpg\" alt=\"Leyendo\" width=\"244\" height=\"150\" \/><\/p>\n<p id=\"caption-attachment-644\" class=\"wp-caption-text\">Lettura<\/p>\n<\/div>\n<p style=\"text-align: left;\">Ben presto la sua fama di santit\u00e0 si estese anche oltre le mura della Trappa. I suoi numerosi scritti continuano a diffondere il profumo della sua santit\u00e0, ricevendo una grande accoglienza e facendo del bene a quanti, per loro mezzo, entrano in contatto con la sua spiritualit\u00e0.<br \/>\nIl 19 agosto 1989 San Giovanni Paolo II lo propose come modello per i giovani a Santiago de Compostela in occasione della Giornata Mondiale della Giovent\u00f9, proclamandolo Beato il 27 settembre 1992. \u00c8 stato infine iscritto nel catalogo dei Santi da Benedetto XVI, il 27 ottobre 2009.<\/p>\n<h3 style=\"text-align: left;\"><strong>Spiritualit\u00e0 <\/strong><\/h3>\n<div id=\"attachment_646\" style=\"width: 254px;\" class=\"wp-caption alignright\">\n<p><img decoding=\"async\" loading=\"lazy\" aria-describedby=\"caption-attachment-646\" class=\"size-full wp-image-646\" src=\"http:\/\/www.abadiasanisidro.es\/wp-content\/uploads\/2017\/04\/rafael9.jpg\" alt=\"Con Ram\u00f3n\" width=\"244\" height=\"150\" \/><\/p>\n<p id=\"caption-attachment-646\" class=\"wp-caption-text\">con Ramon<\/p>\n<\/div>\n<p style=\"text-align: left;\">La spiritualit\u00e0 di San Rafael, ricca di sfumature, si polarizza nella ricerca di Dio, sempre pi\u00f9 presente e dominante nella sua vita e che egli condensa in una frase lapidaria: &#8220;Solo Dio&#8221;. Dio occupa tutta la sua vita, niente ha senso al di fuori di Lui.<br \/>\nLa vita di questo santo \u00e8, dunque, prima di tutto una testimonianza della trascendenza di Dio, della sua assolutezza, non da un Dio di cui sa molte cose, ma da un Dio di cui ha fatto esperienza e l&#8217;ha affascinato.<br \/>\nCos\u00ec, attratto da Dio, Rafael scopr\u00ec che la vita monastica era il &#8220;suo&#8221; cammino, perch\u00e9 sentiva che il Signore lo chiamava a vivere solo per cercarlo in una vita nascosta, in un non-essere per essere solo di Dio.<\/p>\n<div id=\"attachment_647\" style=\"width: 254px;\" class=\"wp-caption alignleft\">\n<p><img decoding=\"async\" loading=\"lazy\" aria-describedby=\"caption-attachment-647\" class=\"size-full wp-image-647\" src=\"http:\/\/www.abadiasanisidro.es\/wp-content\/uploads\/2017\/04\/rafael10g.jpg\" alt=\"Noviciado\" width=\"244\" height=\"75\" \/><\/p>\n<p id=\"caption-attachment-647\" class=\"wp-caption-text\">Noviziato<\/p>\n<\/div>\n<p style=\"text-align: left;\">Assetato di Dio, a sua unica aspirazione fu di vivere per amare, perch\u00e9 era un uomo fatto per amare e perch\u00e9 Dio gli chiedeva un amore spoglio di tutto. Voleva che la sua vita non fose altro che un atto di amore, e desiderava &#8220;amare a Gesu follemente&#8221;, come lui stesso dice, preferendo &#8220;cessare di vivere piuttosto che vivere senza amarlo&#8221;.<br \/>\nQueste parole, che in altri possono sembrare semplicemente delle pie aspirazioni prive di contenuto, avevano in lui un senso molto profondo; lo dimostr\u00f3 con la propia vita, specialmente durante la dura prova della malattia che, torcendo il suo grande sogno, lo obblig\u00f3 ad abbandonare varie volte il monastero, tornando per\u00f3 egli altrettante volte a riprendere la vita monastica.<\/p>\n<div id=\"attachment_648\" style=\"width: 150px;\" class=\"wp-caption alignleft\">\n<p><img decoding=\"async\" loading=\"lazy\" aria-describedby=\"caption-attachment-648\" class=\"size-full wp-image-648\" src=\"http:\/\/www.abadiasanisidro.es\/wp-content\/uploads\/2017\/04\/rafael11.jpg\" alt=\"Pintando\" width=\"140\" height=\"200\" \/><\/p>\n<p id=\"caption-attachment-648\" class=\"wp-caption-text\">Pittura<\/p>\n<\/div>\n<p style=\"text-align: left;\">La malattia fue effectivamente il crogiolo in cui Dio volle modellarlo. Attraverso di essa, Rafael scopr\u00ed il cammino della croce che Dio gli presentava come alternativa. Nella Croce scopri il suo tesoro e il suo riposo; in essa vide la presenza di Dio e non la avrebble cambiato per niente e per nessuno, come lui stesso affermava. Am\u00f3 la croce fino al paradosso di sentirsi assolutamente felice propio si se sentiva assolutamente disgraziato.<br \/>\nPurificato nell&#8217;amore e nel dolore, Rafael, che era di carattere gioviale e comunicativo, affabile con quanti lo trattavano, divenne ogni giorno di pi\u00fa trasparene a Dio, al su Spirito e agli uomini. Era questo il frutto di una umilt\u00e1 sincera, appresa alla luce e atraverso il contatto con Dio che non tollera un difetto nelle pieghe del cuore.<br \/>\nUn altro aspectto molto significativo della sua spiritualit\u00e1 \u00e9 i suo affettuoso amora alla vergine Maria che ocuppa un posto centrale nel suo cammino verso il Signore.<br \/>\nDa lei riceve aiuto, luce, conforto, e con lei mantiene un rapporto pieno di fiducia, semplicit\u00e0 e tenerezza.<\/p>\n<h3 style=\"text-align: left;\"><strong>La sua &#8220;Trappa&#8221; <\/strong><\/h3>\n<p style=\"text-align: left;\">L&#8217;incontro con la vita del monastero cistercense di san Isidro di Due\u00f1as, fu veramente provvidenziale per Rafael, che possedeva una profonda sensibilit\u00e1 e inclinazione verso le cose divine, e aliment\u00ed in lui il sogno pi\u00fa grande della sua vita.<br \/>\nLa vita monastica cistercense si dedica unicamente alla ricerca di Dio in un comunit\u00e1 di fratelli, nella solitudine e nel silenzio, nel lavoro principalmene manuale como mezzo di sussitenza e di condivisione con i pi\u00fa bisognosi, nella recita dell&#8217;Ufficio e nell&#8217;ascolto della Parola di Dio mediante la lectio divina, che \u00e9 allo stesso tempo lettura e preghiera, in una vita consagrata a Dio nel&#8217;umile obbedienza all&#8217;Abate. i monaci cistercensi vivono, nel cuore della Chiesa, una vita nascosta con Cristo in Dio per il bene de tutti gli uomini.<br \/>\nLa vita della Trappa che conobbe Rafael si caratterizzava per una nota di particolare austerit\u00e1, sia in quanto al cibo, con frequente e rigidi digiuno e astinenza perpetua, sia in quanto al sonno e altre pratiche penitenziali; questi aspetti sono stati oggetto di riconsiderazione alla luce del rinnovamento conciliare, nella ricerca della primitiva ispirazione del carisma fondazionale cistercense e del necessario equilibrio umano.<\/p>\n<p>[\/et_pb_text][\/et_pb_column][\/et_pb_row][\/et_pb_section]<\/p>\n","protected":false},"excerpt":{"rendered":"<p>&#8220;Vedi&#8230;, \u00e8 un umile laico che ha scelto la via della verit\u00e0, &#8220;viam veritatis elegi&#8221; Nella notte oscura del mondo, solo la Croce di Cristo illumina il cammino della vita&#8230; C&#8217;\u00e8 solo quella verit\u00e0 che d\u00e0 pace all&#8217;attesa, incoraggiamento a continuare e la fiducia di non sbagliare. Cristo e la sua Croce \u00e8 la Verit\u00e0, [&hellip;]<\/p>\n","protected":false},"author":7,"featured_media":0,"parent":0,"menu_order":0,"comment_status":"closed","ping_status":"closed","template":"","meta":{"give_campaign_id":0,"_et_pb_use_builder":"on","_et_pb_old_content":"","_et_gb_content_width":"","footnotes":""},"class_list":["post-5208","page","type-page","status-publish","hentry"],"campaignId":"","_links":{"self":[{"href":"https:\/\/www.sanrafaelarnaiz.es\/it\/wp-json\/wp\/v2\/pages\/5208","targetHints":{"allow":["GET"]}}],"collection":[{"href":"https:\/\/www.sanrafaelarnaiz.es\/it\/wp-json\/wp\/v2\/pages"}],"about":[{"href":"https:\/\/www.sanrafaelarnaiz.es\/it\/wp-json\/wp\/v2\/types\/page"}],"author":[{"embeddable":true,"href":"https:\/\/www.sanrafaelarnaiz.es\/it\/wp-json\/wp\/v2\/users\/7"}],"replies":[{"embeddable":true,"href":"https:\/\/www.sanrafaelarnaiz.es\/it\/wp-json\/wp\/v2\/comments?post=5208"}],"version-history":[{"count":0,"href":"https:\/\/www.sanrafaelarnaiz.es\/it\/wp-json\/wp\/v2\/pages\/5208\/revisions"}],"wp:attachment":[{"href":"https:\/\/www.sanrafaelarnaiz.es\/it\/wp-json\/wp\/v2\/media?parent=5208"}],"curies":[{"name":"wp","href":"https:\/\/api.w.org\/{rel}","templated":true}]}}